{"id":332,"date":"2015-06-01T15:27:24","date_gmt":"2015-06-01T15:27:24","guid":{"rendered":"http:\/\/spaeclipse.com.br\/?page_id=332"},"modified":"2015-07-16T11:23:54","modified_gmt":"2015-07-16T11:23:54","slug":"radiofrequencia-facial","status":"publish","type":"page","link":"https:\/\/spaeclipse.com.br\/?page_id=332","title":{"rendered":"Radiofrequ\u00eancia Facial"},"content":{"rendered":"<p>O aparelho eleva a temperatura da pele e do m\u00fasculo para aproximadamente 41\u00baC e isto acelera contrai o col\u00e1geno existente e aumenta a produ\u00e7\u00e3o de mais fibras col\u00e1geno dando mais sustenta\u00e7\u00e3o e firmeza \u00e0 pele. Os resultados podem ser observados logo na primeira sess\u00e3o e o resultado \u00e9 progressivo.<\/p>\n<p>A radiofrequ\u00eancia serve para:<\/p>\n<ul>\n<li>Diminuir as rugas;<\/li>\n<li>Melhorar a apar\u00eancia da pele;<\/li>\n<li>Melhorar a qualidade do col\u00e1geno e da elastina;<\/li>\n<li>Reorganizar as fibras de col\u00e1geno e elastina;<\/li>\n<li>Melhorar a microcircula\u00e7\u00e3o;<\/li>\n<li>Melhorar a hidrata\u00e7\u00e3o da pele;<\/li>\n<li>Aumenta a oxigena\u00e7\u00e3o;<\/li>\n<li>Acelerar a elimina\u00e7\u00e3o de toxinas;<\/li>\n<li>Melhorar o aspecto das cicatrizes;<\/li>\n<li>Combater a flacidez em qualquer \u00e1rea do corpo.<\/li>\n<\/ul>\n<p><strong>Periodo de tratamento: semanalmente<a href=\"http:\/\/spaeclipse.com.br\/wp-content\/uploads\/2015\/06\/X-radiofrequencia-facial.png\"><img decoding=\"async\" class=\" size-medium wp-image-675 alignleft\" src=\"http:\/\/spaeclipse.com.br\/wp-content\/uploads\/2015\/06\/X-radiofrequencia-facial-250x105.png\" alt=\"X radiofrequencia facial\" width=\"250\" height=\"105\" srcset=\"https:\/\/spaeclipse.com.br\/wp-content\/uploads\/2015\/06\/X-radiofrequencia-facial-250x105.png 250w, https:\/\/spaeclipse.com.br\/wp-content\/uploads\/2015\/06\/X-radiofrequencia-facial-530x222.png 530w, https:\/\/spaeclipse.com.br\/wp-content\/uploads\/2015\/06\/X-radiofrequencia-facial-420x176.png 420w, https:\/\/spaeclipse.com.br\/wp-content\/uploads\/2015\/06\/X-radiofrequencia-facial-480x201.png 480w, https:\/\/spaeclipse.com.br\/wp-content\/uploads\/2015\/06\/X-radiofrequencia-facial.png 600w\" sizes=\"(max-width: 250px) 100vw, 250px\" \/><\/a><\/strong><\/p>\n","protected":false},"excerpt":{"rendered":"<p>O aparelho eleva a temperatura da pele e do m\u00fasculo para aproximadamente 41\u00baC e isto acelera contrai o col\u00e1geno existente e aumenta a produ\u00e7\u00e3o de mais fibras col\u00e1geno dando mais sustenta\u00e7\u00e3o e firmeza \u00e0 pele. Os resultados podem ser observados logo na primeira sess\u00e3o e o resultado \u00e9 progressivo. A radiofrequ\u00eancia serve para: Diminuir as &hellip;<\/p>\n<p class=\"read-more\"> <a class=\"\" href=\"https:\/\/spaeclipse.com.br\/?page_id=332\"> <span class=\"screen-reader-text\">Radiofrequ\u00eancia Facial<\/span> Leia mais &raquo;<\/a><\/p>\n","protected":false},"author":1,"featured_media":0,"parent":0,"menu_order":0,"comment_status":"open","ping_status":"open","template":"","meta":{"site-sidebar-layout":"default","site-content-layout":"","ast-site-content-layout":"","site-content-style":"default","site-sidebar-style":"default","ast-global-header-display":"","ast-banner-title-visibility":"","ast-main-header-display":"","ast-hfb-above-header-display":"","ast-hfb-below-header-display":"","ast-hfb-mobile-header-display":"","site-post-title":"","ast-breadcrumbs-content":"","ast-featured-img":"","footer-sml-layout":"","theme-transparent-header-meta":"","adv-header-id-meta":"","stick-header-meta":"","header-above-stick-meta":"","header-main-stick-meta":"","header-below-stick-meta":"","astra-migrate-meta-layouts":"","_joinchat":[],"footnotes":""},"class_list":["post-332","page","type-page","status-publish","hentry"],"_links":{"self":[{"href":"https:\/\/spaeclipse.com.br\/index.php?rest_route=\/wp\/v2\/pages\/332","targetHints":{"allow":["GET"]}}],"collection":[{"href":"https:\/\/spaeclipse.com.br\/index.php?rest_route=\/wp\/v2\/pages"}],"about":[{"href":"https:\/\/spaeclipse.com.br\/index.php?rest_route=\/wp\/v2\/types\/page"}],"author":[{"embeddable":true,"href":"https:\/\/spaeclipse.com.br\/index.php?rest_route=\/wp\/v2\/users\/1"}],"replies":[{"embeddable":true,"href":"https:\/\/spaeclipse.com.br\/index.php?rest_route=%2Fwp%2Fv2%2Fcomments&post=332"}],"version-history":[{"count":3,"href":"https:\/\/spaeclipse.com.br\/index.php?rest_route=\/wp\/v2\/pages\/332\/revisions"}],"predecessor-version":[{"id":676,"href":"https:\/\/spaeclipse.com.br\/index.php?rest_route=\/wp\/v2\/pages\/332\/revisions\/676"}],"wp:attachment":[{"href":"https:\/\/spaeclipse.com.br\/index.php?rest_route=%2Fwp%2Fv2%2Fmedia&parent=332"}],"curies":[{"name":"wp","href":"https:\/\/api.w.org\/{rel}","templated":true}]}}